{"id":46313,"date":"2026-04-27T08:24:13","date_gmt":"2026-04-27T08:24:13","guid":{"rendered":"https:\/\/eiendom-marbella.com\/?post_type=property&#038;p=46313"},"modified":"2026-04-27T08:24:13","modified_gmt":"2026-04-27T08:24:13","slug":"atico-en-venta-en-jardines-de-las-golondrinas-elviria-marbella","status":"publish","type":"property","link":"https:\/\/eiendom-marbella.com\/es\/property\/atico-en-venta-en-jardines-de-las-golondrinas-elviria-marbella\/","title":{"rendered":"\u00c1tico en venta en Jardines de las Golondrinas, Elviria, Marbella"},"content":{"rendered":"<p style=\"font-weight: 400;\">\u00a1Nuevas fotos pr\u00f3ximamente!<\/p>\n<p style=\"font-weight: 400;\">Exclusivo \u00e1tico totalmente reformado en el prestigioso complejo Jardines de Las Golondrinas, en Elviria, a pocos pasos de la playa y junto al famoso Don Carlos Resort &amp; Spa Marbella.<br \/>\nLa propiedad ha sido completamente reformada con los m\u00e1s altos est\u00e1ndares de calidad, y la renovaci\u00f3n se complet\u00f3 en febrero de 2021. Todo es nuevo: cocina, ba\u00f1os, instalaciones el\u00e9ctricas y de fontaner\u00eda, suelos, paredes, techos e iluminaci\u00f3n. Cada detalle ha sido cuidadosamente seleccionado para combinar el confort con un dise\u00f1o contempor\u00e1neo, incluyendo focos regulables que permiten crear diferentes ambientes.<\/p>\n<p style=\"font-weight: 400;\">\nEl apartamento cuenta con una elegante cocina abierta equipada con electrodom\u00e9sticos de alta gama de Bosch, una placa de cocci\u00f3n con campana extractora integrada y una vinoteca. La zona de estar est\u00e1 ingeniosamente dise\u00f1ada en dos niveles, separando sutilmente el sal\u00f3n y el comedor y a\u00f1adiendo car\u00e1cter y profundidad al espacio.<br \/>\nOfrece tres dormitorios: dos amplios dormitorios principales con ba\u00f1os en suite que cuentan con duchas de efecto lluvia en el techo, espejos calefactados e iluminaci\u00f3n moderna, as\u00ed como un tercer dormitorio m\u00e1s peque\u00f1o y un aseo de invitados.<\/p>\n<p style=\"font-weight: 400;\">\nDesde el sal\u00f3n se accede a una acogedora terraza cubierta, perfectamente integrada en el espacio, ideal para disfrutar de comidas al aire libre durante todo el a\u00f1o.<br \/>\nEl complejo est\u00e1 rodeado de exuberantes jardines tropicales y bosques de pinos maduros, lo que ofrece un entorno natural \u00fanico con vegetaci\u00f3n. Garantiza privacidad y tranquilidad, y se encuentra a solo 150 metros de la playa de arena.<\/p>\n<p>Otras caracter\u00edsticas incluyen:<br \/>\n\u2022 Garaje subterr\u00e1neo dentro del complejo<br \/>\n\u2022 Restaurante en el propio complejo<\/p>\n<p style=\"font-weight: 400;\">Gracias a su ubicaci\u00f3n privilegiada en una de las zonas m\u00e1s cotizadas de Marbella, la propiedad ofrece adem\u00e1s un excelente potencial de alquiler.<\/p>\n<p>&nbsp;<\/p>\n<p style=\"font-weight: 400;\">Una vivienda verdaderamente \u00fanica, lista para entrar a vivir o una s\u00f3lida oportunidad de inversi\u00f3n en la Costa del Sol, ya que cuenta con licencia tur\u00edstica.<\/p>\n<p>NOTA: Algunos de los muebles que aparecen en las fotos no est\u00e1n incluidos, ya que se han cambiado.<\/p>\n<p>Habitaciones: 3<\/p>\n<p style=\"font-weight: 400;\">Ba\u00f1os: 2.5<\/p>\n<p style=\"font-weight: 400;\">Construido: 98 m\u00b2<br \/>\nTerraza: 15 m\u00b2<br \/>\nTotal: 113 m\u00b2<\/p>\n","protected":false},"excerpt":{"rendered":"<p>\u00a1Nuevas fotos pr\u00f3ximamente! Exclusivo \u00e1tico totalmente reformado en el prestigioso complejo Jardines de Las Golondrinas, en Elviria, a pocos pasos de la playa y junto al famoso Don Carlos Resort &amp; Spa Marbella. La propiedad ha sido completamente reformada con los m\u00e1s altos est\u00e1ndares de calidad, y la renovaci\u00f3n se complet\u00f3 en febrero de 2021. [&hellip;]<\/p>\n","protected":false},"author":3,"featured_media":46213,"parent":0,"menu_order":0,"template":"","property_type":[470],"property_status":[88],"property_feature":[140,541,169,129,163,345,130,94,306,95,92,93,165,168,135,402,137],"property_label":[176,389,431,175],"property_country":[96],"property_state":[97],"property_city":[98],"property_area":[198],"class_list":["post-46313","property","type-property","status-publish","has-post-thumbnail","hentry","property_type-atico","property_status-for-sale-es","property_feature-armarios-empotrados","property_feature-balcon","property_feature-banos-ensuite","property_feature-cerca-comercios","property_feature-cerca-de-la-ciudad","property_feature-cerca-de-la-playa","property_feature-cerca-del-mar","property_feature-cocina-equipada","property_feature-grandes-ventanales","property_feature-jardin-comunitario","property_feature-parking-es","property_feature-piscina-comunitaria","property_feature-urbanizacion","property_feature-vistas-a-la-calle","property_feature-vistas-a-la-montala","property_feature-vistas-al-bosque","property_feature-vistas-al-jardin","property_label-inversion","property_label-junto-a-la-playa","property_label-privacidad","property_label-propiedad-vacacional","property_country-spain-es","property_state-malaga-es","property_city-marbella-es","property_area-marbella-2"],"property_meta":{"_wpml_word_count":["{\"total\":0,\"to_translate\":{\"en\":2,\"no\":2,\"es\":2}}"],"_edit_lock":["1777278176:3"],"_edit_last":["3"],"fave_property_price":["735000"],"fave_property_size":["113"],"fave_property_bedrooms":["3"],"fave_featured":["1"],"fave_loggedintoview":["0"],"fave_prop_homeslider":["no"],"_wpml_media_featured":["1"],"_wpml_media_duplicate":["1"],"_last_translation_edit_mode":["native-editor"],"fave_property_id":["SB-6728-328"],"fave_property_map":["0"],"fave_property_location":["25.68654,-80.431345,15"],"houzez_geolocation_lat":["25.68654"],"houzez_geolocation_long":["-80.431345"],"fave_property_map_street_view":["hide"],"fave_agent_display_option":["agent_info"],"fave_agents":["10889"],"fave_property_agency":["-1"],"fave_single_top_area":["global"],"fave_single_content_area":["global"],"additional_features":["a:1:{i:0;a:2:{s:29:\"fave_additional_feature_title\";s:7:\"Terraza\";s:29:\"fave_additional_feature_value\";s:2:\"15\";}}"],"rs_page_bg_color":[""],"houzez_manual_expire":["0"],"_houzez_expiration_date_status":["saved"],"_thumbnail_id":["46213"],"fave_property_bathrooms":["2.5"],"fave_property_images":["46213","46216","46219","46222","46225","46228","46231","46234","46237","46240","46243","46246","46249","46252","46255","46258","46261","46264","46267","46270","46273","46276","46279","46282","46285","46288","46291","46294","46297","46300","46303","46306","46309"],"_yoast_wpseo_primary_property_type":["470"],"_yoast_wpseo_primary_property_status":["88"],"_yoast_wpseo_primary_property_feature":["140"],"_yoast_wpseo_primary_property_label":["176"],"_yoast_wpseo_primary_property_country":["96"],"_yoast_wpseo_primary_property_state":["97"],"_yoast_wpseo_primary_property_city":["98"],"_yoast_wpseo_primary_property_area":["198"],"_yoast_wpseo_content_score":["30"],"_yoast_wpseo_estimated-reading-time-minutes":["2"],"_yoast_wpseo_wordproof_timestamp":[""],"houzez_total_property_views":["6"],"houzez_views_by_date":["a:1:{s:10:\"04-27-2026\";i:6;}"],"houzez_recently_viewed":["2026-04-27 14:36:54"]},"yoast_head":"<!-- This site is optimized with the Yoast SEO plugin v22.5 - https:\/\/yoast.com\/wordpress\/plugins\/seo\/ -->\n<title>\u00c1tico en venta en Jardines de las Golondrinas, Elviria, Marbella - Real Estate Segarra &amp; Br\u00e5teng in Marbella<\/title>\n<meta name=\"robots\" content=\"index, follow, max-snippet:-1, max-image-preview:large, max-video-preview:-1\" \/>\n<link rel=\"canonical\" href=\"https:\/\/eiendom-marbella.com\/es\/property\/atico-en-venta-en-jardines-de-las-golondrinas-elviria-marbella\/\" \/>\n<meta property=\"og:locale\" content=\"es_ES\" \/>\n<meta property=\"og:type\" content=\"article\" \/>\n<meta property=\"og:title\" content=\"\u00c1tico en venta en Jardines de las Golondrinas, Elviria, Marbella - Real Estate Segarra &amp; Br\u00e5teng in Marbella\" \/>\n<meta property=\"og:description\" content=\"\u00a1Nuevas fotos pr\u00f3ximamente! Exclusivo \u00e1tico totalmente reformado en el prestigioso complejo Jardines de Las Golondrinas, en Elviria, a pocos pasos de la playa y junto al famoso Don Carlos Resort &amp; Spa Marbella. La propiedad ha sido completamente reformada con los m\u00e1s altos est\u00e1ndares de calidad, y la renovaci\u00f3n se complet\u00f3 en febrero de 2021. [&hellip;]\" \/>\n<meta property=\"og:url\" content=\"https:\/\/eiendom-marbella.com\/es\/property\/atico-en-venta-en-jardines-de-las-golondrinas-elviria-marbella\/\" \/>\n<meta property=\"og:site_name\" content=\"Real Estate Segarra &amp; Br\u00e5teng in Marbella\" \/>\n<meta property=\"og:image\" content=\"https:\/\/eiendom-marbella.com\/wp-content\/uploads\/2026\/04\/SB6728-Elviria-Beach-Golondrinas-1.jpeg\" \/>\n\t<meta property=\"og:image:width\" content=\"1600\" \/>\n\t<meta property=\"og:image:height\" content=\"1068\" \/>\n\t<meta property=\"og:image:type\" content=\"image\/jpeg\" \/>\n<meta name=\"twitter:card\" content=\"summary_large_image\" \/>\n<meta name=\"twitter:label1\" content=\"Tiempo de lectura\" \/>\n\t<meta name=\"twitter:data1\" content=\"2 minutos\" \/>\n<script type=\"application\/ld+json\" class=\"yoast-schema-graph\">{\"@context\":\"https:\/\/schema.org\",\"@graph\":[{\"@type\":\"WebPage\",\"@id\":\"https:\/\/eiendom-marbella.com\/es\/property\/atico-en-venta-en-jardines-de-las-golondrinas-elviria-marbella\/\",\"url\":\"https:\/\/eiendom-marbella.com\/es\/property\/atico-en-venta-en-jardines-de-las-golondrinas-elviria-marbella\/\",\"name\":\"\u00c1tico en venta en Jardines de las Golondrinas, Elviria, Marbella - Real Estate Segarra &amp; Br\u00e5teng in Marbella\",\"isPartOf\":{\"@id\":\"https:\/\/eiendom-marbella.com\/#website\"},\"primaryImageOfPage\":{\"@id\":\"https:\/\/eiendom-marbella.com\/es\/property\/atico-en-venta-en-jardines-de-las-golondrinas-elviria-marbella\/#primaryimage\"},\"image\":{\"@id\":\"https:\/\/eiendom-marbella.com\/es\/property\/atico-en-venta-en-jardines-de-las-golondrinas-elviria-marbella\/#primaryimage\"},\"thumbnailUrl\":\"https:\/\/eiendom-marbella.com\/wp-content\/uploads\/2026\/04\/SB6728-Elviria-Beach-Golondrinas-1.jpeg\",\"datePublished\":\"2026-04-27T08:24:13+00:00\",\"dateModified\":\"2026-04-27T08:24:13+00:00\",\"breadcrumb\":{\"@id\":\"https:\/\/eiendom-marbella.com\/es\/property\/atico-en-venta-en-jardines-de-las-golondrinas-elviria-marbella\/#breadcrumb\"},\"inLanguage\":\"es\",\"potentialAction\":[{\"@type\":\"ReadAction\",\"target\":[\"https:\/\/eiendom-marbella.com\/es\/property\/atico-en-venta-en-jardines-de-las-golondrinas-elviria-marbella\/\"]}]},{\"@type\":\"ImageObject\",\"inLanguage\":\"es\",\"@id\":\"https:\/\/eiendom-marbella.com\/es\/property\/atico-en-venta-en-jardines-de-las-golondrinas-elviria-marbella\/#primaryimage\",\"url\":\"https:\/\/eiendom-marbella.com\/wp-content\/uploads\/2026\/04\/SB6728-Elviria-Beach-Golondrinas-1.jpeg\",\"contentUrl\":\"https:\/\/eiendom-marbella.com\/wp-content\/uploads\/2026\/04\/SB6728-Elviria-Beach-Golondrinas-1.jpeg\",\"width\":1600,\"height\":1068},{\"@type\":\"BreadcrumbList\",\"@id\":\"https:\/\/eiendom-marbella.com\/es\/property\/atico-en-venta-en-jardines-de-las-golondrinas-elviria-marbella\/#breadcrumb\",\"itemListElement\":[{\"@type\":\"ListItem\",\"position\":1,\"name\":\"Home\",\"item\":\"https:\/\/eiendom-marbella.com\/\"},{\"@type\":\"ListItem\",\"position\":2,\"name\":\"Properties\",\"item\":\"https:\/\/eiendom-marbella.com\/property\/\"},{\"@type\":\"ListItem\",\"position\":3,\"name\":\"\u00c1tico en venta en Jardines de las Golondrinas, Elviria, Marbella\"}]},{\"@type\":\"WebSite\",\"@id\":\"https:\/\/eiendom-marbella.com\/#website\",\"url\":\"https:\/\/eiendom-marbella.com\/\",\"name\":\"Real Estate Segarra &amp; Br\u00e5teng in Marbella\",\"description\":\"\",\"potentialAction\":[{\"@type\":\"SearchAction\",\"target\":{\"@type\":\"EntryPoint\",\"urlTemplate\":\"https:\/\/eiendom-marbella.com\/?s={search_term_string}\"},\"query-input\":\"required name=search_term_string\"}],\"inLanguage\":\"es\"}]}<\/script>\n<!-- \/ Yoast SEO plugin. -->","yoast_head_json":{"title":"\u00c1tico en venta en Jardines de las Golondrinas, Elviria, Marbella - Real Estate Segarra &amp; Br\u00e5teng in Marbella","robots":{"index":"index","follow":"follow","max-snippet":"max-snippet:-1","max-image-preview":"max-image-preview:large","max-video-preview":"max-video-preview:-1"},"canonical":"https:\/\/eiendom-marbella.com\/es\/property\/atico-en-venta-en-jardines-de-las-golondrinas-elviria-marbella\/","og_locale":"es_ES","og_type":"article","og_title":"\u00c1tico en venta en Jardines de las Golondrinas, Elviria, Marbella - Real Estate Segarra &amp; Br\u00e5teng in Marbella","og_description":"\u00a1Nuevas fotos pr\u00f3ximamente! Exclusivo \u00e1tico totalmente reformado en el prestigioso complejo Jardines de Las Golondrinas, en Elviria, a pocos pasos de la playa y junto al famoso Don Carlos Resort &amp; Spa Marbella. La propiedad ha sido completamente reformada con los m\u00e1s altos est\u00e1ndares de calidad, y la renovaci\u00f3n se complet\u00f3 en febrero de 2021. [&hellip;]","og_url":"https:\/\/eiendom-marbella.com\/es\/property\/atico-en-venta-en-jardines-de-las-golondrinas-elviria-marbella\/","og_site_name":"Real Estate Segarra &amp; Br\u00e5teng in Marbella","og_image":[{"width":1600,"height":1068,"url":"https:\/\/eiendom-marbella.com\/wp-content\/uploads\/2026\/04\/SB6728-Elviria-Beach-Golondrinas-1.jpeg","type":"image\/jpeg"}],"twitter_card":"summary_large_image","twitter_misc":{"Tiempo de lectura":"2 minutos"},"schema":{"@context":"https:\/\/schema.org","@graph":[{"@type":"WebPage","@id":"https:\/\/eiendom-marbella.com\/es\/property\/atico-en-venta-en-jardines-de-las-golondrinas-elviria-marbella\/","url":"https:\/\/eiendom-marbella.com\/es\/property\/atico-en-venta-en-jardines-de-las-golondrinas-elviria-marbella\/","name":"\u00c1tico en venta en Jardines de las Golondrinas, Elviria, Marbella - Real Estate Segarra &amp; Br\u00e5teng in Marbella","isPartOf":{"@id":"https:\/\/eiendom-marbella.com\/#website"},"primaryImageOfPage":{"@id":"https:\/\/eiendom-marbella.com\/es\/property\/atico-en-venta-en-jardines-de-las-golondrinas-elviria-marbella\/#primaryimage"},"image":{"@id":"https:\/\/eiendom-marbella.com\/es\/property\/atico-en-venta-en-jardines-de-las-golondrinas-elviria-marbella\/#primaryimage"},"thumbnailUrl":"https:\/\/eiendom-marbella.com\/wp-content\/uploads\/2026\/04\/SB6728-Elviria-Beach-Golondrinas-1.jpeg","datePublished":"2026-04-27T08:24:13+00:00","dateModified":"2026-04-27T08:24:13+00:00","breadcrumb":{"@id":"https:\/\/eiendom-marbella.com\/es\/property\/atico-en-venta-en-jardines-de-las-golondrinas-elviria-marbella\/#breadcrumb"},"inLanguage":"es","potentialAction":[{"@type":"ReadAction","target":["https:\/\/eiendom-marbella.com\/es\/property\/atico-en-venta-en-jardines-de-las-golondrinas-elviria-marbella\/"]}]},{"@type":"ImageObject","inLanguage":"es","@id":"https:\/\/eiendom-marbella.com\/es\/property\/atico-en-venta-en-jardines-de-las-golondrinas-elviria-marbella\/#primaryimage","url":"https:\/\/eiendom-marbella.com\/wp-content\/uploads\/2026\/04\/SB6728-Elviria-Beach-Golondrinas-1.jpeg","contentUrl":"https:\/\/eiendom-marbella.com\/wp-content\/uploads\/2026\/04\/SB6728-Elviria-Beach-Golondrinas-1.jpeg","width":1600,"height":1068},{"@type":"BreadcrumbList","@id":"https:\/\/eiendom-marbella.com\/es\/property\/atico-en-venta-en-jardines-de-las-golondrinas-elviria-marbella\/#breadcrumb","itemListElement":[{"@type":"ListItem","position":1,"name":"Home","item":"https:\/\/eiendom-marbella.com\/"},{"@type":"ListItem","position":2,"name":"Properties","item":"https:\/\/eiendom-marbella.com\/property\/"},{"@type":"ListItem","position":3,"name":"\u00c1tico en venta en Jardines de las Golondrinas, Elviria, Marbella"}]},{"@type":"WebSite","@id":"https:\/\/eiendom-marbella.com\/#website","url":"https:\/\/eiendom-marbella.com\/","name":"Real Estate Segarra &amp; Br\u00e5teng in Marbella","description":"","potentialAction":[{"@type":"SearchAction","target":{"@type":"EntryPoint","urlTemplate":"https:\/\/eiendom-marbella.com\/?s={search_term_string}"},"query-input":"required name=search_term_string"}],"inLanguage":"es"}]}},"_links":{"self":[{"href":"https:\/\/eiendom-marbella.com\/es\/wp-json\/wp\/v2\/properties\/46313","targetHints":{"allow":["GET"]}}],"collection":[{"href":"https:\/\/eiendom-marbella.com\/es\/wp-json\/wp\/v2\/properties"}],"about":[{"href":"https:\/\/eiendom-marbella.com\/es\/wp-json\/wp\/v2\/types\/property"}],"author":[{"embeddable":true,"href":"https:\/\/eiendom-marbella.com\/es\/wp-json\/wp\/v2\/users\/3"}],"version-history":[{"count":1,"href":"https:\/\/eiendom-marbella.com\/es\/wp-json\/wp\/v2\/properties\/46313\/revisions"}],"predecessor-version":[{"id":46314,"href":"https:\/\/eiendom-marbella.com\/es\/wp-json\/wp\/v2\/properties\/46313\/revisions\/46314"}],"wp:featuredmedia":[{"embeddable":true,"href":"https:\/\/eiendom-marbella.com\/es\/wp-json\/wp\/v2\/media\/46213"}],"wp:attachment":[{"href":"https:\/\/eiendom-marbella.com\/es\/wp-json\/wp\/v2\/media?parent=46313"}],"wp:term":[{"taxonomy":"property_type","embeddable":true,"href":"https:\/\/eiendom-marbella.com\/es\/wp-json\/wp\/v2\/property_type?post=46313"},{"taxonomy":"property_status","embeddable":true,"href":"https:\/\/eiendom-marbella.com\/es\/wp-json\/wp\/v2\/property_status?post=46313"},{"taxonomy":"property_feature","embeddable":true,"href":"https:\/\/eiendom-marbella.com\/es\/wp-json\/wp\/v2\/property_feature?post=46313"},{"taxonomy":"property_label","embeddable":true,"href":"https:\/\/eiendom-marbella.com\/es\/wp-json\/wp\/v2\/property_label?post=46313"},{"taxonomy":"property_country","embeddable":true,"href":"https:\/\/eiendom-marbella.com\/es\/wp-json\/wp\/v2\/property_country?post=46313"},{"taxonomy":"property_state","embeddable":true,"href":"https:\/\/eiendom-marbella.com\/es\/wp-json\/wp\/v2\/property_state?post=46313"},{"taxonomy":"property_city","embeddable":true,"href":"https:\/\/eiendom-marbella.com\/es\/wp-json\/wp\/v2\/property_city?post=46313"},{"taxonomy":"property_area","embeddable":true,"href":"https:\/\/eiendom-marbella.com\/es\/wp-json\/wp\/v2\/property_area?post=46313"}],"curies":[{"name":"wp","href":"https:\/\/api.w.org\/{rel}","templated":true}]}}