{"id":47507,"date":"2026-09-04T08:41:40","date_gmt":"2026-09-04T08:41:40","guid":{"rendered":"https:\/\/eiendom-marbella.com\/?post_type=property&#038;p=47507"},"modified":"2026-09-04T08:41:40","modified_gmt":"2026-09-04T08:41:40","slug":"encantadora-casa-adosada-en-benalmadena-pueblo","status":"publish","type":"property","link":"https:\/\/eiendom-marbella.com\/es\/property\/encantadora-casa-adosada-en-benalmadena-pueblo\/","title":{"rendered":"Encantadora casa adosada en Benalm\u00e1dena Pueblo"},"content":{"rendered":"<p style=\"font-weight: 400;\">Situada en la codiciada zona residencial de Benalm\u00e1dena Pueblo, esta encantadora casa adosada ofrece una magn\u00edfica oportunidad para disfrutar del aut\u00e9ntico estilo de vida andaluz en un entorno tranquilo y consolidado.<\/p>\n<p style=\"font-weight: 400;\">La vivienda se distribuye en dos plantas y cuenta con un sal\u00f3n luminoso y acogedor con un comedor contiguo, una cocina parcialmente abierta, un aseo de invitados y acceso directo a una preciosa terraza privada. El espacio exterior est\u00e1 rodeado de vegetaci\u00f3n madura, lo que crea un ambiente agradable y privado, ideal para cenar al aire libre, relajarse o recibir invitados.<\/p>\n<p style=\"font-weight: 400;\">En la planta superior, la vivienda cuenta con dos c\u00f3modos dormitorios y un cuarto de ba\u00f1o. El dormitorio principal dispone de su propia y acogedora terraza cubierta con preciosas vistas al mar, lo que lo convierte en un lugar perfecto para disfrutar del clima mediterr\u00e1neo durante todo el a\u00f1o.<\/p>\n<p style=\"font-weight: 400;\">La vivienda se encuentra dentro de una urbanizaci\u00f3n cerrada con piscina comunitaria y atractivas zonas ajardinadas al aire libre. Tambi\u00e9n incluye una plaza de aparcamiento exterior privada dentro de la urbanizaci\u00f3n.<\/p>\n<p style=\"font-weight: 400;\">La zona:<\/p>\n<p style=\"font-weight: 400;\">Benalm\u00e1dena Pueblo es uno de los pueblos blancos con m\u00e1s encanto de la Costa del Sol. Sus pintorescas calles, su arquitectura tradicional andaluza, sus hermosas plazas, sus cafeter\u00edas y sus restaurantes lo convierten en un lugar maravilloso para vivir durante todo el a\u00f1o.<\/p>\n<p style=\"font-weight: 400;\">Desde la vivienda, podr\u00e1s disfrutar f\u00e1cilmente de todo lo que la zona tiene para ofrecer:<\/p>\n<ul>\n<li style=\"font-weight: 400;\">Benalm\u00e1dena Pueblo: encantadoras calles antiguas, bares de tapas tradicionales, cafeter\u00edas, restaurantes y tiendas locales.<\/li>\n<li style=\"font-weight: 400;\">Las playas del Mediterr\u00e1neo: a solo 10 minutos en coche, con una amplia variedad de playas, chiringuitos y clubes de playa.<\/li>\n<li style=\"font-weight: 400;\">Puerto Marina Benalm\u00e1dena: un popular puerto deportivo con restaurantes, bares, tiendas, excursiones en barco y un ambiente animado, adem\u00e1s de una gran variedad de restaurantes internacionales y espa\u00f1oles.<\/li>\n<li style=\"font-weight: 400;\">Golf: hay varios campos de golf a poca distancia en coche.<\/li>\n<li style=\"font-weight: 400;\">Senderismo y naturaleza: las colinas de los \u200calrededores \u200cy \u200cel \u200ccercano Monte \u200cCalamorro ofrecen \u200chermosas rutas de senderismo y \u200cespectaculares vistas panor\u00e1micas \u200cdel \u200cMediterr\u00e1neo.<\/li>\n<li style=\"font-weight: 400;\">Familias \u200cy ocio: \u200cSelwo \u200cMarina, \u200cel \u200cParque de \u200clas Mariposas y \u200cotras atracciones \u200cse encuentran \u200cmuy \u200ccerca.<\/li>\n<li style=\"font-weight: 400;\">\u200cAeropuerto: \u200cel Aeropuerto Internacional de \u200cM\u00e1laga-Costa \u200cdel \u200cSol est\u00e1 \u200ca \u200cunos \u200c20 \u200cminutos \u200cen \u200ccoche.<\/li>\n<\/ul>\n<p style=\"font-weight: 400;\">Dormitorios: 2<\/p>\n<p style=\"font-weight: 400;\">Ba\u00f1os: 1.5<\/p>\n<p style=\"font-weight: 400;\">Construido: 90 m\u00b2<\/p>\n<p style=\"font-weight: 400;\">Terraza: 30 m\u00b2<\/p>\n<p style=\"font-weight: 400;\">Total: 120 m\u00b2<\/p>\n","protected":false},"excerpt":{"rendered":"<p>Situada en la codiciada zona residencial de Benalm\u00e1dena Pueblo, esta encantadora casa adosada ofrece una magn\u00edfica oportunidad para disfrutar del aut\u00e9ntico estilo de vida andaluz en un entorno tranquilo y consolidado. La vivienda se distribuye en dos plantas y cuenta con un sal\u00f3n luminoso y acogedor con un comedor contiguo, una cocina parcialmente abierta, un [&hellip;]<\/p>\n","protected":false},"author":3,"featured_media":47434,"parent":0,"menu_order":0,"template":"","property_type":[],"property_status":[],"property_feature":[90,140,129,128,163,345,286,133,94,95,93,540,142,167,137,134],"property_label":[267,176,175],"property_country":[96],"property_state":[97],"property_city":[453],"property_area":[454],"class_list":["post-47507","property","type-property","status-publish","has-post-thumbnail","hentry","property_feature-aire-acondicionado","property_feature-armarios-empotrados","property_feature-cerca-comercios","property_feature-cerca-de-golf","property_feature-cerca-de-la-ciudad","property_feature-cerca-de-la-playa","property_feature-cerca-del-puerto","property_feature-chimenea","property_feature-cocina-equipada","property_feature-jardin-comunitario","property_feature-piscina-comunitaria","property_feature-terraza-descubierta","property_feature-terraza-privada","property_feature-vistas-a-la-piscina","property_feature-vistas-al-jardin","property_feature-vistas-al-mar","property_label-golf-2","property_label-inversion","property_label-propiedad-vacacional","property_country-spain-es","property_state-malaga-es","property_city-benalmadena-2","property_area-benalmadena-3"],"property_meta":{"_wpml_word_count":["{\"total\":0,\"to_translate\":{\"en\":2,\"no\":2,\"es\":2}}"],"_edit_lock":["1788511161:3"],"_edit_last":["3"],"fave_property_price":["380000"],"fave_property_size":["120"],"fave_property_bedrooms":["2"],"fave_property_bathrooms":["1.5"],"fave_featured":["1"],"fave_loggedintoview":["0"],"fave_prop_homeslider":["no"],"_wpml_media_featured":["1"],"_wpml_media_duplicate":["1"],"_last_translation_edit_mode":["native-editor"],"fave_property_id":["SB6743"],"fave_property_map":["0"],"fave_property_location":["25.68654,-80.431345,15"],"houzez_geolocation_lat":["25.68654"],"houzez_geolocation_long":["-80.431345"],"fave_property_map_street_view":["hide"],"fave_agent_display_option":["agent_info"],"fave_agents":["10889"],"fave_property_agency":["-1"],"fave_single_top_area":["global"],"fave_single_content_area":["global"],"additional_features":["a:1:{i:0;a:2:{s:29:\"fave_additional_feature_title\";s:7:\"Terraza\";s:29:\"fave_additional_feature_value\";s:2:\"30\";}}"],"rs_page_bg_color":[""],"houzez_manual_expire":["0"],"_houzez_expiration_date_status":["saved"],"_thumbnail_id":["47434"],"fave_property_images":["47434","47437","47440","47443","47446","47449","47452","47455","47458","47461","47464","47467","47470","47473","47476","47479","47482","47485","47488","47491","47494","47497","47500","47503"],"_yoast_wpseo_primary_property_type":[""],"_yoast_wpseo_primary_property_status":[""],"_yoast_wpseo_primary_property_feature":["90"],"_yoast_wpseo_primary_property_label":["267"],"_yoast_wpseo_primary_property_country":["96"],"_yoast_wpseo_primary_property_state":["97"],"_yoast_wpseo_primary_property_city":["453"],"_yoast_wpseo_primary_property_area":["454"],"_yoast_wpseo_focuskw":["Casa adosada Benalm\u00e1dena"],"_yoast_wpseo_metadesc":["Encantadora casa adosada en Benalm\u00e1dena Pueblo"],"_yoast_wpseo_linkdex":["65"],"_yoast_wpseo_content_score":["30"],"_yoast_wpseo_estimated-reading-time-minutes":["2"],"_yoast_wpseo_wordproof_timestamp":[""],"houzez_total_property_views":["5"],"houzez_views_by_date":["a:2:{s:10:\"09-04-2026\";i:4;s:10:\"09-05-2026\";i:1;}"],"houzez_recently_viewed":["2026-09-05 06:07:06"]},"yoast_head":"<!-- This site is optimized with the Yoast SEO plugin v22.5 - https:\/\/yoast.com\/wordpress\/plugins\/seo\/ -->\n<title>Encantadora casa adosada en Benalm\u00e1dena Pueblo - Real Estate Segarra &amp; Br\u00e5teng in Marbella<\/title>\n<meta name=\"description\" content=\"Encantadora casa adosada en Benalm\u00e1dena Pueblo\" \/>\n<meta name=\"robots\" content=\"index, follow, max-snippet:-1, max-image-preview:large, max-video-preview:-1\" \/>\n<link rel=\"canonical\" href=\"https:\/\/eiendom-marbella.com\/es\/property\/encantadora-casa-adosada-en-benalmadena-pueblo\/\" \/>\n<meta property=\"og:locale\" content=\"es_ES\" \/>\n<meta property=\"og:type\" content=\"article\" \/>\n<meta property=\"og:title\" content=\"Encantadora casa adosada en Benalm\u00e1dena Pueblo - Real Estate Segarra &amp; Br\u00e5teng in Marbella\" \/>\n<meta property=\"og:description\" content=\"Encantadora casa adosada en Benalm\u00e1dena Pueblo\" \/>\n<meta property=\"og:url\" content=\"https:\/\/eiendom-marbella.com\/es\/property\/encantadora-casa-adosada-en-benalmadena-pueblo\/\" \/>\n<meta property=\"og:site_name\" content=\"Real Estate Segarra &amp; Br\u00e5teng in Marbella\" \/>\n<meta property=\"og:image\" content=\"https:\/\/eiendom-marbella.com\/wp-content\/uploads\/2026\/09\/SB6743-Brateng-Benalmadena-Pueblo-1.jpeg\" \/>\n\t<meta property=\"og:image:width\" content=\"1600\" \/>\n\t<meta property=\"og:image:height\" content=\"1065\" \/>\n\t<meta property=\"og:image:type\" content=\"image\/jpeg\" \/>\n<meta name=\"twitter:card\" content=\"summary_large_image\" \/>\n<meta name=\"twitter:label1\" content=\"Tiempo de lectura\" \/>\n\t<meta name=\"twitter:data1\" content=\"2 minutos\" \/>\n<script type=\"application\/ld+json\" class=\"yoast-schema-graph\">{\"@context\":\"https:\/\/schema.org\",\"@graph\":[{\"@type\":\"WebPage\",\"@id\":\"https:\/\/eiendom-marbella.com\/es\/property\/encantadora-casa-adosada-en-benalmadena-pueblo\/\",\"url\":\"https:\/\/eiendom-marbella.com\/es\/property\/encantadora-casa-adosada-en-benalmadena-pueblo\/\",\"name\":\"Encantadora casa adosada en Benalm\u00e1dena Pueblo - Real Estate Segarra &amp; Br\u00e5teng in Marbella\",\"isPartOf\":{\"@id\":\"https:\/\/eiendom-marbella.com\/#website\"},\"primaryImageOfPage\":{\"@id\":\"https:\/\/eiendom-marbella.com\/es\/property\/encantadora-casa-adosada-en-benalmadena-pueblo\/#primaryimage\"},\"image\":{\"@id\":\"https:\/\/eiendom-marbella.com\/es\/property\/encantadora-casa-adosada-en-benalmadena-pueblo\/#primaryimage\"},\"thumbnailUrl\":\"https:\/\/eiendom-marbella.com\/wp-content\/uploads\/2026\/09\/SB6743-Brateng-Benalmadena-Pueblo-1.jpeg\",\"datePublished\":\"2026-09-04T08:41:40+00:00\",\"dateModified\":\"2026-09-04T08:41:40+00:00\",\"description\":\"Encantadora casa adosada en Benalm\u00e1dena Pueblo\",\"breadcrumb\":{\"@id\":\"https:\/\/eiendom-marbella.com\/es\/property\/encantadora-casa-adosada-en-benalmadena-pueblo\/#breadcrumb\"},\"inLanguage\":\"es\",\"potentialAction\":[{\"@type\":\"ReadAction\",\"target\":[\"https:\/\/eiendom-marbella.com\/es\/property\/encantadora-casa-adosada-en-benalmadena-pueblo\/\"]}]},{\"@type\":\"ImageObject\",\"inLanguage\":\"es\",\"@id\":\"https:\/\/eiendom-marbella.com\/es\/property\/encantadora-casa-adosada-en-benalmadena-pueblo\/#primaryimage\",\"url\":\"https:\/\/eiendom-marbella.com\/wp-content\/uploads\/2026\/09\/SB6743-Brateng-Benalmadena-Pueblo-1.jpeg\",\"contentUrl\":\"https:\/\/eiendom-marbella.com\/wp-content\/uploads\/2026\/09\/SB6743-Brateng-Benalmadena-Pueblo-1.jpeg\",\"width\":1600,\"height\":1065},{\"@type\":\"BreadcrumbList\",\"@id\":\"https:\/\/eiendom-marbella.com\/es\/property\/encantadora-casa-adosada-en-benalmadena-pueblo\/#breadcrumb\",\"itemListElement\":[{\"@type\":\"ListItem\",\"position\":1,\"name\":\"Home\",\"item\":\"https:\/\/eiendom-marbella.com\/\"},{\"@type\":\"ListItem\",\"position\":2,\"name\":\"Properties\",\"item\":\"https:\/\/eiendom-marbella.com\/property\/\"},{\"@type\":\"ListItem\",\"position\":3,\"name\":\"Encantadora casa adosada en Benalm\u00e1dena Pueblo\"}]},{\"@type\":\"WebSite\",\"@id\":\"https:\/\/eiendom-marbella.com\/#website\",\"url\":\"https:\/\/eiendom-marbella.com\/\",\"name\":\"Real Estate Segarra &amp; Br\u00e5teng in Marbella\",\"description\":\"\",\"potentialAction\":[{\"@type\":\"SearchAction\",\"target\":{\"@type\":\"EntryPoint\",\"urlTemplate\":\"https:\/\/eiendom-marbella.com\/?s={search_term_string}\"},\"query-input\":\"required name=search_term_string\"}],\"inLanguage\":\"es\"}]}<\/script>\n<!-- \/ Yoast SEO plugin. -->","yoast_head_json":{"title":"Encantadora casa adosada en Benalm\u00e1dena Pueblo - Real Estate Segarra &amp; Br\u00e5teng in Marbella","description":"Encantadora casa adosada en Benalm\u00e1dena Pueblo","robots":{"index":"index","follow":"follow","max-snippet":"max-snippet:-1","max-image-preview":"max-image-preview:large","max-video-preview":"max-video-preview:-1"},"canonical":"https:\/\/eiendom-marbella.com\/es\/property\/encantadora-casa-adosada-en-benalmadena-pueblo\/","og_locale":"es_ES","og_type":"article","og_title":"Encantadora casa adosada en Benalm\u00e1dena Pueblo - Real Estate Segarra &amp; Br\u00e5teng in Marbella","og_description":"Encantadora casa adosada en Benalm\u00e1dena Pueblo","og_url":"https:\/\/eiendom-marbella.com\/es\/property\/encantadora-casa-adosada-en-benalmadena-pueblo\/","og_site_name":"Real Estate Segarra &amp; Br\u00e5teng in Marbella","og_image":[{"width":1600,"height":1065,"url":"https:\/\/eiendom-marbella.com\/wp-content\/uploads\/2026\/09\/SB6743-Brateng-Benalmadena-Pueblo-1.jpeg","type":"image\/jpeg"}],"twitter_card":"summary_large_image","twitter_misc":{"Tiempo de lectura":"2 minutos"},"schema":{"@context":"https:\/\/schema.org","@graph":[{"@type":"WebPage","@id":"https:\/\/eiendom-marbella.com\/es\/property\/encantadora-casa-adosada-en-benalmadena-pueblo\/","url":"https:\/\/eiendom-marbella.com\/es\/property\/encantadora-casa-adosada-en-benalmadena-pueblo\/","name":"Encantadora casa adosada en Benalm\u00e1dena Pueblo - Real Estate Segarra &amp; Br\u00e5teng in Marbella","isPartOf":{"@id":"https:\/\/eiendom-marbella.com\/#website"},"primaryImageOfPage":{"@id":"https:\/\/eiendom-marbella.com\/es\/property\/encantadora-casa-adosada-en-benalmadena-pueblo\/#primaryimage"},"image":{"@id":"https:\/\/eiendom-marbella.com\/es\/property\/encantadora-casa-adosada-en-benalmadena-pueblo\/#primaryimage"},"thumbnailUrl":"https:\/\/eiendom-marbella.com\/wp-content\/uploads\/2026\/09\/SB6743-Brateng-Benalmadena-Pueblo-1.jpeg","datePublished":"2026-09-04T08:41:40+00:00","dateModified":"2026-09-04T08:41:40+00:00","description":"Encantadora casa adosada en Benalm\u00e1dena Pueblo","breadcrumb":{"@id":"https:\/\/eiendom-marbella.com\/es\/property\/encantadora-casa-adosada-en-benalmadena-pueblo\/#breadcrumb"},"inLanguage":"es","potentialAction":[{"@type":"ReadAction","target":["https:\/\/eiendom-marbella.com\/es\/property\/encantadora-casa-adosada-en-benalmadena-pueblo\/"]}]},{"@type":"ImageObject","inLanguage":"es","@id":"https:\/\/eiendom-marbella.com\/es\/property\/encantadora-casa-adosada-en-benalmadena-pueblo\/#primaryimage","url":"https:\/\/eiendom-marbella.com\/wp-content\/uploads\/2026\/09\/SB6743-Brateng-Benalmadena-Pueblo-1.jpeg","contentUrl":"https:\/\/eiendom-marbella.com\/wp-content\/uploads\/2026\/09\/SB6743-Brateng-Benalmadena-Pueblo-1.jpeg","width":1600,"height":1065},{"@type":"BreadcrumbList","@id":"https:\/\/eiendom-marbella.com\/es\/property\/encantadora-casa-adosada-en-benalmadena-pueblo\/#breadcrumb","itemListElement":[{"@type":"ListItem","position":1,"name":"Home","item":"https:\/\/eiendom-marbella.com\/"},{"@type":"ListItem","position":2,"name":"Properties","item":"https:\/\/eiendom-marbella.com\/property\/"},{"@type":"ListItem","position":3,"name":"Encantadora casa adosada en Benalm\u00e1dena Pueblo"}]},{"@type":"WebSite","@id":"https:\/\/eiendom-marbella.com\/#website","url":"https:\/\/eiendom-marbella.com\/","name":"Real Estate Segarra &amp; Br\u00e5teng in Marbella","description":"","potentialAction":[{"@type":"SearchAction","target":{"@type":"EntryPoint","urlTemplate":"https:\/\/eiendom-marbella.com\/?s={search_term_string}"},"query-input":"required name=search_term_string"}],"inLanguage":"es"}]}},"_links":{"self":[{"href":"https:\/\/eiendom-marbella.com\/es\/wp-json\/wp\/v2\/properties\/47507","targetHints":{"allow":["GET"]}}],"collection":[{"href":"https:\/\/eiendom-marbella.com\/es\/wp-json\/wp\/v2\/properties"}],"about":[{"href":"https:\/\/eiendom-marbella.com\/es\/wp-json\/wp\/v2\/types\/property"}],"author":[{"embeddable":true,"href":"https:\/\/eiendom-marbella.com\/es\/wp-json\/wp\/v2\/users\/3"}],"version-history":[{"count":1,"href":"https:\/\/eiendom-marbella.com\/es\/wp-json\/wp\/v2\/properties\/47507\/revisions"}],"predecessor-version":[{"id":47508,"href":"https:\/\/eiendom-marbella.com\/es\/wp-json\/wp\/v2\/properties\/47507\/revisions\/47508"}],"wp:featuredmedia":[{"embeddable":true,"href":"https:\/\/eiendom-marbella.com\/es\/wp-json\/wp\/v2\/media\/47434"}],"wp:attachment":[{"href":"https:\/\/eiendom-marbella.com\/es\/wp-json\/wp\/v2\/media?parent=47507"}],"wp:term":[{"taxonomy":"property_type","embeddable":true,"href":"https:\/\/eiendom-marbella.com\/es\/wp-json\/wp\/v2\/property_type?post=47507"},{"taxonomy":"property_status","embeddable":true,"href":"https:\/\/eiendom-marbella.com\/es\/wp-json\/wp\/v2\/property_status?post=47507"},{"taxonomy":"property_feature","embeddable":true,"href":"https:\/\/eiendom-marbella.com\/es\/wp-json\/wp\/v2\/property_feature?post=47507"},{"taxonomy":"property_label","embeddable":true,"href":"https:\/\/eiendom-marbella.com\/es\/wp-json\/wp\/v2\/property_label?post=47507"},{"taxonomy":"property_country","embeddable":true,"href":"https:\/\/eiendom-marbella.com\/es\/wp-json\/wp\/v2\/property_country?post=47507"},{"taxonomy":"property_state","embeddable":true,"href":"https:\/\/eiendom-marbella.com\/es\/wp-json\/wp\/v2\/property_state?post=47507"},{"taxonomy":"property_city","embeddable":true,"href":"https:\/\/eiendom-marbella.com\/es\/wp-json\/wp\/v2\/property_city?post=47507"},{"taxonomy":"property_area","embeddable":true,"href":"https:\/\/eiendom-marbella.com\/es\/wp-json\/wp\/v2\/property_area?post=47507"}],"curies":[{"name":"wp","href":"https:\/\/api.w.org\/{rel}","templated":true}]}}